{"id":2210,"date":"2026-03-01T18:13:29","date_gmt":"2026-03-01T17:13:29","guid":{"rendered":"https:\/\/www.extradesignblog.eu\/?page_id=2210"},"modified":"2026-03-22T20:49:47","modified_gmt":"2026-03-22T19:49:47","slug":"sluzby","status":"publish","type":"page","link":"https:\/\/www.extradesignblog.eu\/en\/sluzby\/","title":{"rendered":"Services"},"content":{"rendered":"<div data-elementor-type=\"wp-page\" data-elementor-id=\"2210\" class=\"elementor elementor-2210\">\n\t\t\t\t<div class=\"elementor-element elementor-element-2e9e536 e-flex e-con-boxed wpr-particle-no wpr-jarallax-no wpr-parallax-no wpr-sticky-section-no e-con e-parent\" data-id=\"2e9e536\" data-element_type=\"container\">\n\t\t\t\t\t<div class=\"e-con-inner\">\n\t\t\t\t<div class=\"elementor-element elementor-element-4f67215 elementor-widget__width-initial elementor-widget elementor-widget-heading\" data-id=\"4f67215\" data-element_type=\"widget\" data-widget_type=\"heading.default\">\n\t\t\t\t<div class=\"elementor-widget-container\">\n\t\t\t\t\t<h4 class=\"elementor-heading-title elementor-size-default\">We currently offer the following interior design services.<\/h4>\t\t\t\t<\/div>\n\t\t\t\t<\/div>\n\t\t\t\t<div class=\"elementor-element elementor-element-707a24f elementor-widget__width-initial elementor-widget elementor-widget-text-editor\" data-id=\"707a24f\" data-element_type=\"widget\" data-widget_type=\"text-editor.default\">\n\t\t\t\t<div class=\"elementor-widget-container\">\n\t\t\t\t\t\t\t\t\t<p>Our goal is to tailor each service to the individual needs of your project. Explore the details of our offerings and <a href=\"https:\/\/www.extradesignblog.eu\/en\/contact\/\">don\u2019t hesitate to contact us<\/a> for a personalized quotation.<\/p>\t\t\t\t\t\t\t\t<\/div>\n\t\t\t\t<\/div>\n\t\t\t\t\t<\/div>\n\t\t\t\t<\/div>\n\t\t<div class=\"elementor-element elementor-element-e72d62e e-grid e-con-boxed wpr-particle-no wpr-jarallax-no wpr-parallax-no wpr-sticky-section-no e-con e-parent\" data-id=\"e72d62e\" data-element_type=\"container\">\n\t\t\t\t\t<div class=\"e-con-inner\">\n\t\t\t\t<div class=\"elementor-element elementor-element-c69b6cf elementor-position-top elementor-widget elementor-widget-image-box\" data-id=\"c69b6cf\" data-element_type=\"widget\" data-widget_type=\"image-box.default\">\n\t\t\t\t<div class=\"elementor-widget-container\">\n\t\t\t\t\t<div class=\"elementor-image-box-wrapper\"><figure class=\"elementor-image-box-img\"><a href=\"https:\/\/www.extradesignblog.eu\/en\/sluzby\/navrh-dispozicie\/\" tabindex=\"-1\"><img fetchpriority=\"high\" decoding=\"async\" width=\"711\" height=\"533\" src=\"https:\/\/www.extradesignblog.eu\/wp-content\/uploads\/2026\/03\/podorys-1.jpg\" class=\"attachment-full size-full wp-image-2336\" alt=\"\" srcset=\"https:\/\/www.extradesignblog.eu\/wp-content\/uploads\/2026\/03\/podorys-1.jpg 711w, https:\/\/www.extradesignblog.eu\/wp-content\/uploads\/2026\/03\/podorys-1-300x225.jpg 300w, https:\/\/www.extradesignblog.eu\/wp-content\/uploads\/2026\/03\/podorys-1-16x12.jpg 16w\" sizes=\"(max-width: 711px) 100vw, 711px\" \/><\/a><\/figure><div class=\"elementor-image-box-content\"><h3 class=\"elementor-image-box-title\"><a href=\"https:\/\/www.extradesignblog.eu\/en\/sluzby\/navrh-dispozicie\/\">Interior Layouts<\/a><\/h3><p class=\"elementor-image-box-description\">Two alternative interior layouts crafted to determine the most effective use of space. This service is also available online!<\/p><\/div><\/div>\t\t\t\t<\/div>\n\t\t\t\t<\/div>\n\t\t\t\t<div class=\"elementor-element elementor-element-972e852 elementor-position-top elementor-widget elementor-widget-image-box\" data-id=\"972e852\" data-element_type=\"widget\" data-widget_type=\"image-box.default\">\n\t\t\t\t<div class=\"elementor-widget-container\">\n\t\t\t\t\t<div class=\"elementor-image-box-wrapper\"><figure class=\"elementor-image-box-img\"><a href=\"https:\/\/www.extradesignblog.eu\/en\/sluzby\/male-projekty\/\" tabindex=\"-1\"><img decoding=\"async\" src=\"https:\/\/www.extradesignblog.eu\/wp-content\/uploads\/2025\/09\/43-26B-FINAL-kuchyna.png\" title=\"N\u00e1vrh interi\u00e9ru dvoj-izbov\u00fd byt, Bratislava\" alt=\"N\u00e1vrh interi\u00e9ru dvoj-izbov\u00fd byt, Bratislava\" loading=\"lazy\" \/><\/a><\/figure><div class=\"elementor-image-box-content\"><h3 class=\"elementor-image-box-title\"><a href=\"https:\/\/www.extradesignblog.eu\/en\/sluzby\/male-projekty\/\">Small-Scale Projects<\/a><\/h3><p class=\"elementor-image-box-description\">Interior design for individual rooms and smaller apartments up to 30\u202fm\u00b2. Available in three packages to suit the scope of your project. Available online!<\/p><\/div><\/div>\t\t\t\t<\/div>\n\t\t\t\t<\/div>\n\t\t\t\t<div class=\"elementor-element elementor-element-2dbf462 elementor-position-top elementor-widget elementor-widget-image-box\" data-id=\"2dbf462\" data-element_type=\"widget\" data-widget_type=\"image-box.default\">\n\t\t\t\t<div class=\"elementor-widget-container\">\n\t\t\t\t\t<div class=\"elementor-image-box-wrapper\"><figure class=\"elementor-image-box-img\"><a href=\"https:\/\/www.extradesignblog.eu\/en\/sluzby\/stylingove-baliky\/\" tabindex=\"-1\"><img decoding=\"async\" width=\"1215\" height=\"911\" src=\"https:\/\/www.extradesignblog.eu\/wp-content\/uploads\/2026\/03\/moodboard.jpg\" class=\"attachment-full size-full wp-image-2327\" alt=\"\" srcset=\"https:\/\/www.extradesignblog.eu\/wp-content\/uploads\/2026\/03\/moodboard.jpg 1215w, https:\/\/www.extradesignblog.eu\/wp-content\/uploads\/2026\/03\/moodboard-300x225.jpg 300w, https:\/\/www.extradesignblog.eu\/wp-content\/uploads\/2026\/03\/moodboard-1024x768.jpg 1024w, https:\/\/www.extradesignblog.eu\/wp-content\/uploads\/2026\/03\/moodboard-768x576.jpg 768w, https:\/\/www.extradesignblog.eu\/wp-content\/uploads\/2026\/03\/moodboard-16x12.jpg 16w\" sizes=\"(max-width: 1215px) 100vw, 1215px\" \/><\/a><\/figure><div class=\"elementor-image-box-content\"><h3 class=\"elementor-image-box-title\"><a href=\"https:\/\/www.extradesignblog.eu\/en\/sluzby\/stylingove-baliky\/\">Styling Packages<\/a><\/h3><p class=\"elementor-image-box-description\">A material and colour concept complemented by a collection of furniture, lighting, and interior accessories. Available online.<\/p><\/div><\/div>\t\t\t\t<\/div>\n\t\t\t\t<\/div>\n\t\t\t\t<div class=\"elementor-element elementor-element-0b8e167 elementor-position-top elementor-widget elementor-widget-image-box\" data-id=\"0b8e167\" data-element_type=\"widget\" data-widget_type=\"image-box.default\">\n\t\t\t\t<div class=\"elementor-widget-container\">\n\t\t\t\t\t<div class=\"elementor-image-box-wrapper\"><figure class=\"elementor-image-box-img\"><a href=\"https:\/\/www.extradesignblog.eu\/en\/sluzby\/navrh-interieru\/\" tabindex=\"-1\"><img decoding=\"async\" width=\"1637\" height=\"1230\" src=\"https:\/\/www.extradesignblog.eu\/wp-content\/uploads\/2025\/11\/FINAL-10_43-e1764265946714.webp\" class=\"attachment-full size-full wp-image-1943\" alt=\"Pr\u00edrodn\u00fd rodinn\u00fd interi\u00e9r s dotykom scandi estetiky\" srcset=\"https:\/\/www.extradesignblog.eu\/wp-content\/uploads\/2025\/11\/FINAL-10_43-e1764265946714.webp 1637w, https:\/\/www.extradesignblog.eu\/wp-content\/uploads\/2025\/11\/FINAL-10_43-e1764265946714-300x225.webp 300w, https:\/\/www.extradesignblog.eu\/wp-content\/uploads\/2025\/11\/FINAL-10_43-e1764265946714-1024x769.webp 1024w, https:\/\/www.extradesignblog.eu\/wp-content\/uploads\/2025\/11\/FINAL-10_43-e1764265946714-768x577.webp 768w, https:\/\/www.extradesignblog.eu\/wp-content\/uploads\/2025\/11\/FINAL-10_43-e1764265946714-1536x1154.webp 1536w, https:\/\/www.extradesignblog.eu\/wp-content\/uploads\/2025\/11\/FINAL-10_43-e1764265946714-16x12.webp 16w\" sizes=\"(max-width: 1637px) 100vw, 1637px\" \/><\/a><\/figure><div class=\"elementor-image-box-content\"><h3 class=\"elementor-image-box-title\"><a href=\"https:\/\/www.extradesignblog.eu\/en\/sluzby\/navrh-interieru\/\">Interior projects<\/a><\/h3><p class=\"elementor-image-box-description\">Interior design for apartments, houses, offices, and commercial spaces. Individual approach with focus on functionality and aesthetics. Available online!<\/p><\/div><\/div>\t\t\t\t<\/div>\n\t\t\t\t<\/div>\n\t\t\t\t<div class=\"elementor-element elementor-element-b849003 elementor-position-top elementor-widget elementor-widget-image-box\" data-id=\"b849003\" data-element_type=\"widget\" data-widget_type=\"image-box.default\">\n\t\t\t\t<div class=\"elementor-widget-container\">\n\t\t\t\t\t<div class=\"elementor-image-box-wrapper\"><figure class=\"elementor-image-box-img\"><a href=\"https:\/\/www.extradesignblog.eu\/en\/sluzby\/kompletny-navrh-interieru\/\" tabindex=\"-1\"><img loading=\"lazy\" decoding=\"async\" width=\"536\" height=\"402\" src=\"https:\/\/www.extradesignblog.eu\/wp-content\/uploads\/2026\/03\/projekt.jpg\" class=\"attachment-full size-full wp-image-2333\" alt=\"\" srcset=\"https:\/\/www.extradesignblog.eu\/wp-content\/uploads\/2026\/03\/projekt.jpg 536w, https:\/\/www.extradesignblog.eu\/wp-content\/uploads\/2026\/03\/projekt-300x225.jpg 300w, https:\/\/www.extradesignblog.eu\/wp-content\/uploads\/2026\/03\/projekt-16x12.jpg 16w\" sizes=\"(max-width: 536px) 100vw, 536px\" \/><\/a><\/figure><div class=\"elementor-image-box-content\"><h3 class=\"elementor-image-box-title\"><a href=\"https:\/\/www.extradesignblog.eu\/en\/sluzby\/kompletny-navrh-interieru\/\">Concept &amp; Documentation<\/a><\/h3><p class=\"elementor-image-box-description\">Interior design including complete project documentation. Individual approach with focus on functionality and aesthetics. Available online! <\/p><\/div><\/div>\t\t\t\t<\/div>\n\t\t\t\t<\/div>\n\t\t\t\t<div class=\"elementor-element elementor-element-3b783ba elementor-position-top elementor-widget elementor-widget-image-box\" data-id=\"3b783ba\" data-element_type=\"widget\" data-widget_type=\"image-box.default\">\n\t\t\t\t<div class=\"elementor-widget-container\">\n\t\t\t\t\t<div class=\"elementor-image-box-wrapper\"><figure class=\"elementor-image-box-img\"><a href=\"https:\/\/www.extradesignblog.eu\/en\/sluzby\/konzultacie\/\" tabindex=\"-1\"><img loading=\"lazy\" decoding=\"async\" width=\"1080\" height=\"810\" src=\"https:\/\/www.extradesignblog.eu\/wp-content\/uploads\/2026\/03\/pic1.jpg\" class=\"attachment-full size-full wp-image-2312\" alt=\"\" srcset=\"https:\/\/www.extradesignblog.eu\/wp-content\/uploads\/2026\/03\/pic1.jpg 1080w, https:\/\/www.extradesignblog.eu\/wp-content\/uploads\/2026\/03\/pic1-300x225.jpg 300w, https:\/\/www.extradesignblog.eu\/wp-content\/uploads\/2026\/03\/pic1-1024x768.jpg 1024w, https:\/\/www.extradesignblog.eu\/wp-content\/uploads\/2026\/03\/pic1-768x576.jpg 768w, https:\/\/www.extradesignblog.eu\/wp-content\/uploads\/2026\/03\/pic1-16x12.jpg 16w\" sizes=\"(max-width: 1080px) 100vw, 1080px\" \/><\/a><\/figure><div class=\"elementor-image-box-content\"><h3 class=\"elementor-image-box-title\"><a href=\"https:\/\/www.extradesignblog.eu\/en\/sluzby\/konzultacie\/\">Design Consultations<\/a><\/h3><p class=\"elementor-image-box-description\">Selection of materials and furniture in showrooms, and design supervision for interior projects. Individual consultations are also available online! <\/p><\/div><\/div>\t\t\t\t<\/div>\n\t\t\t\t<\/div>\n\t\t\t\t\t<\/div>\n\t\t\t\t<\/div>\n\t\t\t\t<\/div>","protected":false},"excerpt":{"rendered":"<p>V s\u00fa\u010dasnosti pon\u00fakame nasleduj\u00face slu\u017eby v oblasti interi\u00e9rov\u00e9ho dizajnu Na\u0161\u00edm cie\u013eom je posklada\u0165 slu\u017ebu na mieru pod\u013ea individu\u00e1lnych potrieb v\u00e1\u0161ho projektu. Pozrite si detaily pon\u00fakan\u00fdch slu\u017eieb a nev\u00e1hajte n\u00e1s kontaktova\u0165 pre vypracovanie cenovej ponuky. N\u00e1vrh dispoz\u00edcie N\u00e1vrh dispoz\u00edcie spracovan\u00fd v dvoch variantn\u00fdch rie\u0161eniach s cie\u013eom n\u00e1js\u0165 optim\u00e1lne prev\u00e1dzkov\u00e9 a priestorov\u00e9 usporiadanie. Slu\u017ebu je mo\u017en\u00e9 objedna\u0165 aj vo forme online n\u00e1vrhu. Mal\u00e9 projekty do 30 m\u00b2 N\u00e1vrh interi\u00e9ru pre samostatn\u00e9 miestnosti alebo men\u0161ie byty. Slu\u017eba je k dispoz\u00edcii v troch bal\u00edkoch pod\u013ea rozsahu rie\u0161enia. Mo\u017enos\u0165 objedna\u0165 aj vo forme online n\u00e1vrhu. Stylingov\u00e9 bal\u00edky Materi\u00e1lov\u00fd a farebn\u00fd koncept interi\u00e9ru doplnen\u00fd o vybran\u00fa kolekciu n\u00e1bytku, svietidiel a \u010fal\u0161\u00edch prvkov zariadenia. Slu\u017ebu je mo\u017en\u00e9 objedna\u0165 aj vo forme online n\u00e1vrhu. N\u00e1vrh interi\u00e9ru N\u00e1vrh interi\u00e9ru bytov, domov, kancel\u00e1ri\u00ed a komer\u010dn\u00fdch priestorov. Individu\u00e1lny pr\u00edstup s d\u00f4razom na funk\u010dnos\u0165 a estetiku. Mo\u017enos\u0165 objedna\u0165 online. Kompletn\u00fd n\u00e1vrh interi\u00e9ru N\u00e1vrh interi\u00e9ru vr\u00e1tane kompletnej projektovej dokument\u00e1cie. Individu\u00e1lny pr\u00edstup s d\u00f4razom na funk\u010dnos\u0165 a estetiku. Konzult\u00e1cie V\u00fdber materi\u00e1lov a n\u00e1bytku priamo v showroomoch a autorsk\u00fd dozor k n\u00e1vrhom interi\u00e9ru. Individu\u00e1lne konzult\u00e1cie je mo\u017en\u00e9 objedna\u0165 online.<\/p>","protected":false},"author":1,"featured_media":0,"parent":0,"menu_order":0,"comment_status":"closed","ping_status":"closed","template":"","meta":{"om_disable_all_campaigns":false,"_monsterinsights_skip_tracking":false,"_monsterinsights_sitenote_active":false,"_monsterinsights_sitenote_note":"","_monsterinsights_sitenote_category":0,"_uf_show_specific_survey":0,"_uf_disable_surveys":false,"footnotes":""},"class_list":["post-2210","page","type-page","status-publish","hentry"],"aioseo_notices":[],"_links":{"self":[{"href":"https:\/\/www.extradesignblog.eu\/en\/wp-json\/wp\/v2\/pages\/2210","targetHints":{"allow":["GET"]}}],"collection":[{"href":"https:\/\/www.extradesignblog.eu\/en\/wp-json\/wp\/v2\/pages"}],"about":[{"href":"https:\/\/www.extradesignblog.eu\/en\/wp-json\/wp\/v2\/types\/page"}],"author":[{"embeddable":true,"href":"https:\/\/www.extradesignblog.eu\/en\/wp-json\/wp\/v2\/users\/1"}],"replies":[{"embeddable":true,"href":"https:\/\/www.extradesignblog.eu\/en\/wp-json\/wp\/v2\/comments?post=2210"}],"version-history":[{"count":6,"href":"https:\/\/www.extradesignblog.eu\/en\/wp-json\/wp\/v2\/pages\/2210\/revisions"}],"predecessor-version":[{"id":2543,"href":"https:\/\/www.extradesignblog.eu\/en\/wp-json\/wp\/v2\/pages\/2210\/revisions\/2543"}],"wp:attachment":[{"href":"https:\/\/www.extradesignblog.eu\/en\/wp-json\/wp\/v2\/media?parent=2210"}],"curies":[{"name":"wp","href":"https:\/\/api.w.org\/{rel}","templated":true}]}}